{"id":1779,"date":"2025-02-27T16:42:07","date_gmt":"2025-02-27T16:42:07","guid":{"rendered":"https:\/\/cubatao.aemsolutions.com.br\/?page_id=1779"},"modified":"2025-03-13T13:57:03","modified_gmt":"2025-03-13T13:57:03","slug":"o-que-e-op","status":"publish","type":"page","link":"https:\/\/dev.aemsolutions.com.br\/orcamento-participativo-testes\/o-que-e-op\/","title":{"rendered":"O que \u00e9 OP"},"content":{"rendered":"\t\t<div data-elementor-type=\"wp-page\" data-elementor-id=\"1779\" class=\"elementor elementor-1779\" data-elementor-post-type=\"page\">\n\t\t\t\t<div class=\"elementor-element elementor-element-39217a3 e-flex e-con-boxed e-con e-parent\" data-id=\"39217a3\" data-element_type=\"container\">\n\t\t\t\t\t<div class=\"e-con-inner\">\n\t\t\t\t<div class=\"elementor-element elementor-element-bf7392b elementor-widget elementor-widget-text-editor\" data-id=\"bf7392b\" data-element_type=\"widget\" data-widget_type=\"text-editor.default\">\n\t\t\t\t<div class=\"elementor-widget-container\">\n\t\t\t\t\t\t\t\t\t<h1>Or\u00e7amento Participativo: Hist\u00f3ria<\/h1><p><span data-contrast=\"auto\">Desde a Gr\u00e9cia Antiga, a participa\u00e7\u00e3o popular com o poder p\u00fablico j\u00e1 se acontecia a pr\u00e1tica na democracia. Na pra\u00e7a p\u00fablica, onde a comunidade se reunia com os governantes para tratar de gest\u00f5es de interesse coletivo. Fez-se uma s\u00edntese da evolu\u00e7\u00e3o da democracia da \u00c1GORA \u00e0 democracia do AGORA, passando pelas fases que culminam com o quadro que se tem na atualidade.<\/span><span data-ccp-props=\"{&quot;335551550&quot;:6,&quot;335551620&quot;:6}\">\u00a0<\/span><\/p><p><span data-contrast=\"auto\">As na\u00e7\u00f5es foram se tornando mais complexas impossibilitando a perman\u00eancia da democracia direta, o que resultou na ado\u00e7\u00e3o da chamada democracia representativa, que n\u00e3o correspondeu totalmente na sua finalidade. Nas popula\u00e7\u00f5es a constata\u00e7\u00e3o foi de que n\u00e3o se achavam representados satisfatoriamente no poder p\u00fablico, o que motivou o estabelecimento, sobretudo a partir do in\u00edcio da segunda metade do s\u00e9culo XX, dos instrumentos de democracia semidireta. Entre eles, pode-se incluir o Or\u00e7amento Participativo (OP), uma experi\u00eancia em desenvolvimento aplicada no Brasil a partir da d\u00e9cada de 1980.<\/span><span data-ccp-props=\"{&quot;335551550&quot;:6,&quot;335551620&quot;:6}\">\u00a0<\/span><\/p><p><span data-contrast=\"auto\">A ideia do or\u00e7amento participativo \u00e9 antiga. Iniciou-se no Brasil no final da d\u00e9cada de 1980. Nessa \u00e9poca, trabalhou-se com a vers\u00e3o \u201canal\u00f3gica\u201d, sem a utiliza\u00e7\u00e3o de meios tecnol\u00f3gicos, onde o cidad\u00e3o votava fisicamente nos projetos que entendia ser mais importantes para a cidade.<\/span><span data-ccp-props=\"{&quot;335551550&quot;:6,&quot;335551620&quot;:6}\">\u00a0<\/span><\/p><h2><span class=\"TextRun SCXW67375791 BCX0\" lang=\"PT-BR\" xml:lang=\"PT-BR\" data-contrast=\"auto\"><span class=\"NormalTextRun SCXW67375791 BCX0\">Base Legal do Or\u00e7amento Participativo<\/span><\/span><span class=\"EOP SCXW67375791 BCX0\" data-ccp-props=\"{&quot;134233117&quot;:true,&quot;134233118&quot;:true,&quot;201341983&quot;:0,&quot;335551550&quot;:6,&quot;335551620&quot;:6,&quot;335559740&quot;:240}\">\u00a0<\/span><\/h2><ul><li data-leveltext=\"\uf0b7\" data-font=\"Symbol\" data-listid=\"1\" data-list-defn-props=\"{&quot;335552541&quot;:1,&quot;335559685&quot;:720,&quot;335559991&quot;:360,&quot;469769226&quot;:&quot;Symbol&quot;,&quot;469769242&quot;:[8226],&quot;469777803&quot;:&quot;left&quot;,&quot;469777804&quot;:&quot;\uf0b7&quot;,&quot;469777815&quot;:&quot;hybridMultilevel&quot;}\" aria-setsize=\"-1\" data-aria-posinset=\"1\" data-aria-level=\"1\"><span data-contrast=\"auto\">Constitui\u00e7\u00e3o Federal Art. 29 inciso XII<\/span><span data-ccp-props=\"{&quot;134233117&quot;:true,&quot;134233118&quot;:true,&quot;201341983&quot;:0,&quot;335551550&quot;:6,&quot;335551620&quot;:6,&quot;335559740&quot;:240}\">\u00a0<\/span><\/li><\/ul><ul><li data-leveltext=\"\uf0b7\" data-font=\"Symbol\" data-listid=\"1\" data-list-defn-props=\"{&quot;335552541&quot;:1,&quot;335559685&quot;:720,&quot;335559991&quot;:360,&quot;469769226&quot;:&quot;Symbol&quot;,&quot;469769242&quot;:[8226],&quot;469777803&quot;:&quot;left&quot;,&quot;469777804&quot;:&quot;\uf0b7&quot;,&quot;469777815&quot;:&quot;hybridMultilevel&quot;}\" aria-setsize=\"-1\" data-aria-posinset=\"2\" data-aria-level=\"1\"><span data-contrast=\"auto\">Lei 101 de 04\/05\/2000 \u2013 (Lei de Responsabilidade Fiscal) Art. 48 incisos I e II<\/span><span data-ccp-props=\"{&quot;134233117&quot;:true,&quot;134233118&quot;:true,&quot;201341983&quot;:0,&quot;335551550&quot;:6,&quot;335551620&quot;:6,&quot;335559740&quot;:240}\">\u00a0<\/span><\/li><\/ul><ul><li data-leveltext=\"\uf0b7\" data-font=\"Symbol\" data-listid=\"1\" data-list-defn-props=\"{&quot;335552541&quot;:1,&quot;335559685&quot;:720,&quot;335559991&quot;:360,&quot;469769226&quot;:&quot;Symbol&quot;,&quot;469769242&quot;:[8226],&quot;469777803&quot;:&quot;left&quot;,&quot;469777804&quot;:&quot;\uf0b7&quot;,&quot;469777815&quot;:&quot;hybridMultilevel&quot;}\" aria-setsize=\"-1\" data-aria-posinset=\"3\" data-aria-level=\"1\"><span data-contrast=\"auto\">Lei 10.257 de 10\/07\/2001 \u2013 (Estatuto das Cidades) Art. 4\u00ba Inciso III al\u00ednea F e Art. 44;<\/span><span data-ccp-props=\"{&quot;134233117&quot;:true,&quot;134233118&quot;:true,&quot;201341983&quot;:0,&quot;335551550&quot;:6,&quot;335551620&quot;:6,&quot;335559740&quot;:240}\">\u00a0<\/span><\/li><\/ul><ul><li data-leveltext=\"\uf0b7\" data-font=\"Symbol\" data-listid=\"1\" data-list-defn-props=\"{&quot;335552541&quot;:1,&quot;335559685&quot;:720,&quot;335559991&quot;:360,&quot;469769226&quot;:&quot;Symbol&quot;,&quot;469769242&quot;:[8226],&quot;469777803&quot;:&quot;left&quot;,&quot;469777804&quot;:&quot;\uf0b7&quot;,&quot;469777815&quot;:&quot;hybridMultilevel&quot;}\" aria-setsize=\"-1\" data-aria-posinset=\"4\" data-aria-level=\"1\"><span data-contrast=\"auto\">Lei 12.527\/2011 \u2013 Regulamenta o direito constitucional de acesso dos cidad\u00e3os \u00e0s informa\u00e7\u00f5es p\u00fablicas e \u00e9 aplic\u00e1vel aos poder Executivo: Uni\u00e3o, Estados, Distrito Federal e munic\u00edpios.<\/span><span data-ccp-props=\"{&quot;134233117&quot;:true,&quot;134233118&quot;:true,&quot;201341983&quot;:0,&quot;335551550&quot;:6,&quot;335551620&quot;:6,&quot;335559740&quot;:240}\">\u00a0<\/span><\/li><\/ul><ul><li data-leveltext=\"\uf0b7\" data-font=\"Symbol\" data-listid=\"1\" data-list-defn-props=\"{&quot;335552541&quot;:1,&quot;335559685&quot;:720,&quot;335559991&quot;:360,&quot;469769226&quot;:&quot;Symbol&quot;,&quot;469769242&quot;:[8226],&quot;469777803&quot;:&quot;left&quot;,&quot;469777804&quot;:&quot;\uf0b7&quot;,&quot;469777815&quot;:&quot;hybridMultilevel&quot;}\" aria-setsize=\"-1\" data-aria-posinset=\"5\" data-aria-level=\"1\"><span data-contrast=\"auto\">Lei org\u00e2nica do Munic\u00edpio de\u00a0 Cubat\u00e3o de 09 de abril\/1990, art. 131 (inclu\u00edda pela Emenda a Lei Org\u00e2nica n\u00ba 10 de 1999).<\/span><span data-ccp-props=\"{&quot;134233117&quot;:true,&quot;134233118&quot;:true,&quot;201341983&quot;:0,&quot;335551550&quot;:6,&quot;335551620&quot;:6,&quot;335559740&quot;:240}\">\u00a0<\/span><\/li><\/ul><ul><li data-leveltext=\"\uf0b7\" data-font=\"Symbol\" data-listid=\"1\" data-list-defn-props=\"{&quot;335552541&quot;:1,&quot;335559685&quot;:720,&quot;335559991&quot;:360,&quot;469769226&quot;:&quot;Symbol&quot;,&quot;469769242&quot;:[8226],&quot;469777803&quot;:&quot;left&quot;,&quot;469777804&quot;:&quot;\uf0b7&quot;,&quot;469777815&quot;:&quot;hybridMultilevel&quot;}\" aria-setsize=\"-1\" data-aria-posinset=\"6\" data-aria-level=\"1\"><span data-contrast=\"auto\">Decreto municipal 11.683 de 05 de Agosto de 2022, que institui o Or\u00e7amento Participativo on-line no \u00e2mbito do munic\u00edpio de Cubat\u00e3o.<\/span><span data-ccp-props=\"{&quot;134233117&quot;:true,&quot;134233118&quot;:true,&quot;201341983&quot;:0,&quot;335551550&quot;:6,&quot;335551620&quot;:6,&quot;335559740&quot;:240}\">\u00a0<\/span><\/li><\/ul><p>\u00a0<\/p><p><span data-contrast=\"auto\">O Brasil foi pioneiro nos or\u00e7amentos participativos no mundo. Hoje, para se ter uma ideia, <\/span><b><span data-contrast=\"auto\">o pa\u00eds tem mais de 20% do total destas iniciativas em todo o mundo.<\/span><\/b><span data-ccp-props=\"{&quot;134233117&quot;:true,&quot;134233118&quot;:true,&quot;201341983&quot;:0,&quot;335551550&quot;:6,&quot;335551620&quot;:6,&quot;335559740&quot;:240}\">\u00a0<\/span><\/p><p><span data-contrast=\"auto\">O Or\u00e7amento Participativo tem como principal objetivo ser um instrumento de democratiza\u00e7\u00e3o, que visa assegurar a participa\u00e7\u00e3o direta da popula\u00e7\u00e3o na defini\u00e7\u00e3o das prioridades para os investimentos p\u00fablicos, procurando romper com a tradi\u00e7\u00e3o at\u00e9 ent\u00e3o existente de apenas os governantes tomarem suas decis\u00f5es, deixando os interesses da popula\u00e7\u00e3o de lado.<\/span><span data-ccp-props=\"{&quot;335551550&quot;:6,&quot;335551620&quot;:6}\">\u00a0<\/span><\/p><p><span data-contrast=\"auto\">Atualmente, na segunda grande onda, o grande diferencial \u00e9 a <\/span><i><span data-contrast=\"auto\">utiliza\u00e7\u00e3o de tecnologia<\/span><\/i><span data-contrast=\"auto\"> para aproximar o cidad\u00e3o do governante e permitir a ele o acesso \u00e0s decis\u00f5es mais importantes da administra\u00e7\u00e3o.\u00a0<\/span><span data-ccp-props=\"{&quot;134233117&quot;:true,&quot;134233118&quot;:true,&quot;201341983&quot;:0,&quot;335551550&quot;:6,&quot;335551620&quot;:6,&quot;335559740&quot;:240}\">\u00a0<\/span><\/p><p><span data-contrast=\"auto\">O conceito passa pelo pressuposto de que o governante deve manter sua legitimidade n\u00e3o apenas pelo voto a cada quatro anos \u2013 como prega a cl\u00e1ssica doutrina da democracia representativa. O gestor p\u00fablico precisa manter o povo engajado nas decis\u00f5es do dia-a-dia, trazendo-o a participar ativamente das pol\u00edticas cotidianas, que lhe conferem a legitimidade pol\u00edtica constante por esse engajamento. Este \u00e9 o cerne da democracia participativa.<\/span><span data-ccp-props=\"{&quot;134233117&quot;:true,&quot;134233118&quot;:true,&quot;201341983&quot;:0,&quot;335551550&quot;:6,&quot;335551620&quot;:6,&quot;335559740&quot;:240}\">\u00a0<\/span><\/p><p><span data-contrast=\"auto\">A democracia participativa nasceu da demanda por maior participa\u00e7\u00e3o pol\u00edtica do cidad\u00e3o comum nas decis\u00f5es governamentais, e cresceu vertiginosamente com o advento das novas tecnologias digitais e m\u00eddias sociais.<\/span><span data-ccp-props=\"{&quot;134233117&quot;:true,&quot;134233118&quot;:true,&quot;201341983&quot;:0,&quot;335551550&quot;:6,&quot;335551620&quot;:6,&quot;335559740&quot;:240}\">\u00a0<\/span><\/p><p><span data-contrast=\"auto\">Tal transpar\u00eancia \u00e9 pauta modern\u00edssima da pol\u00edtica, advinda do termo <\/span><i><span data-contrast=\"auto\">accountability,<\/span><\/i><span data-contrast=\"auto\"> praticado h\u00e1 d\u00e9cadas por governos mundo afora. Este termo significa a <\/span><span data-contrast=\"auto\">constante presta\u00e7\u00e3o de contas<\/span><span data-contrast=\"auto\"> que o governo precisa fazer com a popula\u00e7\u00e3o para dar-lhe constante legitimidade e governabilidade.<\/span><span data-ccp-props=\"{&quot;134233117&quot;:true,&quot;134233118&quot;:true,&quot;201341983&quot;:0,&quot;335551550&quot;:6,&quot;335551620&quot;:6,&quot;335559740&quot;:240}\">\u00a0<\/span><\/p>\t\t\t\t\t\t\t\t<\/div>\n\t\t\t\t<\/div>\n\t\t\t\t\t<\/div>\n\t\t\t\t<\/div>\n\t\t\t\t<\/div>\n\t\t","protected":false},"excerpt":{"rendered":"<p>Or\u00e7amento Participativo: Hist\u00f3ria Desde a Gr\u00e9cia Antiga, a participa\u00e7\u00e3o popular com o poder p\u00fablico j\u00e1 se acontecia a pr\u00e1tica na democracia. Na pra\u00e7a p\u00fablica, onde a comunidade se reunia com os governantes para tratar de gest\u00f5es de interesse coletivo. Fez-se uma s\u00edntese da evolu\u00e7\u00e3o da democracia da \u00c1GORA \u00e0 democracia do AGORA, passando pelas fases [&hellip;]<\/p>\n","protected":false},"author":1,"featured_media":0,"parent":0,"menu_order":0,"comment_status":"closed","ping_status":"closed","template":"elementor_header_footer","meta":{"footnotes":""},"class_list":["post-1779","page","type-page","status-publish","hentry"],"acf":[],"yoast_head":"<!-- This site is optimized with the Yoast SEO plugin v25.4 - https:\/\/yoast.com\/wordpress\/plugins\/seo\/ -->\n<title>O que \u00e9 OP - Or\u00e7amento Participativo<\/title>\n<meta name=\"robots\" content=\"index, follow, max-snippet:-1, max-image-preview:large, max-video-preview:-1\" \/>\n<link rel=\"canonical\" href=\"https:\/\/dev.aemsolutions.com.br\/orcamento-participativo-testes\/o-que-e-op\/\" \/>\n<meta property=\"og:locale\" content=\"pt_BR\" \/>\n<meta property=\"og:type\" content=\"article\" \/>\n<meta property=\"og:title\" content=\"O que \u00e9 OP - Or\u00e7amento Participativo\" \/>\n<meta property=\"og:description\" content=\"Or\u00e7amento Participativo: Hist\u00f3ria Desde a Gr\u00e9cia Antiga, a participa\u00e7\u00e3o popular com o poder p\u00fablico j\u00e1 se acontecia a pr\u00e1tica na democracia. Na pra\u00e7a p\u00fablica, onde a comunidade se reunia com os governantes para tratar de gest\u00f5es de interesse coletivo. Fez-se uma s\u00edntese da evolu\u00e7\u00e3o da democracia da \u00c1GORA \u00e0 democracia do AGORA, passando pelas fases [&hellip;]\" \/>\n<meta property=\"og:url\" content=\"https:\/\/dev.aemsolutions.com.br\/orcamento-participativo-testes\/o-que-e-op\/\" \/>\n<meta property=\"og:site_name\" content=\"Or\u00e7amento Participativo\" \/>\n<meta property=\"article:modified_time\" content=\"2025-03-13T13:57:03+00:00\" \/>\n<meta name=\"twitter:card\" content=\"summary_large_image\" \/>\n<meta name=\"twitter:label1\" content=\"Est. tempo de leitura\" \/>\n\t<meta name=\"twitter:data1\" content=\"4 minutos\" \/>\n<script type=\"application\/ld+json\" class=\"yoast-schema-graph\">{\"@context\":\"https:\/\/schema.org\",\"@graph\":[{\"@type\":\"WebPage\",\"@id\":\"https:\/\/dev.aemsolutions.com.br\/orcamento-participativo-testes\/o-que-e-op\/\",\"url\":\"https:\/\/dev.aemsolutions.com.br\/orcamento-participativo-testes\/o-que-e-op\/\",\"name\":\"O que \u00e9 OP - Or\u00e7amento Participativo\",\"isPartOf\":{\"@id\":\"https:\/\/dev.aemsolutions.com.br\/orcamento-participativo-testes\/#website\"},\"datePublished\":\"2025-02-27T16:42:07+00:00\",\"dateModified\":\"2025-03-13T13:57:03+00:00\",\"breadcrumb\":{\"@id\":\"https:\/\/dev.aemsolutions.com.br\/orcamento-participativo-testes\/o-que-e-op\/#breadcrumb\"},\"inLanguage\":\"pt-BR\",\"potentialAction\":[{\"@type\":\"ReadAction\",\"target\":[\"https:\/\/dev.aemsolutions.com.br\/orcamento-participativo-testes\/o-que-e-op\/\"]}]},{\"@type\":\"BreadcrumbList\",\"@id\":\"https:\/\/dev.aemsolutions.com.br\/orcamento-participativo-testes\/o-que-e-op\/#breadcrumb\",\"itemListElement\":[{\"@type\":\"ListItem\",\"position\":1,\"name\":\"In\u00edcio\",\"item\":\"https:\/\/dev.aemsolutions.com.br\/orcamento-participativo-testes\/\"},{\"@type\":\"ListItem\",\"position\":2,\"name\":\"O que \u00e9 OP\"}]},{\"@type\":\"WebSite\",\"@id\":\"https:\/\/dev.aemsolutions.com.br\/orcamento-participativo-testes\/#website\",\"url\":\"https:\/\/dev.aemsolutions.com.br\/orcamento-participativo-testes\/\",\"name\":\"Or\u00e7amento Participativo\",\"description\":\"Or\u00e7amento Participativo do Mun\u00edcipio de Cubat\u00e3o\",\"publisher\":{\"@id\":\"https:\/\/dev.aemsolutions.com.br\/orcamento-participativo-testes\/#organization\"},\"potentialAction\":[{\"@type\":\"SearchAction\",\"target\":{\"@type\":\"EntryPoint\",\"urlTemplate\":\"https:\/\/dev.aemsolutions.com.br\/orcamento-participativo-testes\/?s={search_term_string}\"},\"query-input\":{\"@type\":\"PropertyValueSpecification\",\"valueRequired\":true,\"valueName\":\"search_term_string\"}}],\"inLanguage\":\"pt-BR\"},{\"@type\":\"Organization\",\"@id\":\"https:\/\/dev.aemsolutions.com.br\/orcamento-participativo-testes\/#organization\",\"name\":\"Or\u00e7amento Participativo\",\"url\":\"https:\/\/dev.aemsolutions.com.br\/orcamento-participativo-testes\/\",\"logo\":{\"@type\":\"ImageObject\",\"inLanguage\":\"pt-BR\",\"@id\":\"https:\/\/dev.aemsolutions.com.br\/orcamento-participativo-testes\/#\/schema\/logo\/image\/\",\"url\":\"https:\/\/dev.aemsolutions.com.br\/orcamento-participativo-testes\/wp-content\/uploads\/2025\/02\/cubatao-logo.png\",\"contentUrl\":\"https:\/\/dev.aemsolutions.com.br\/orcamento-participativo-testes\/wp-content\/uploads\/2025\/02\/cubatao-logo.png\",\"width\":316,\"height\":90,\"caption\":\"Or\u00e7amento Participativo\"},\"image\":{\"@id\":\"https:\/\/dev.aemsolutions.com.br\/orcamento-participativo-testes\/#\/schema\/logo\/image\/\"}}]}<\/script>\n<!-- \/ Yoast SEO plugin. -->","yoast_head_json":{"title":"O que \u00e9 OP - Or\u00e7amento Participativo","robots":{"index":"index","follow":"follow","max-snippet":"max-snippet:-1","max-image-preview":"max-image-preview:large","max-video-preview":"max-video-preview:-1"},"canonical":"https:\/\/dev.aemsolutions.com.br\/orcamento-participativo-testes\/o-que-e-op\/","og_locale":"pt_BR","og_type":"article","og_title":"O que \u00e9 OP - Or\u00e7amento Participativo","og_description":"Or\u00e7amento Participativo: Hist\u00f3ria Desde a Gr\u00e9cia Antiga, a participa\u00e7\u00e3o popular com o poder p\u00fablico j\u00e1 se acontecia a pr\u00e1tica na democracia. Na pra\u00e7a p\u00fablica, onde a comunidade se reunia com os governantes para tratar de gest\u00f5es de interesse coletivo. Fez-se uma s\u00edntese da evolu\u00e7\u00e3o da democracia da \u00c1GORA \u00e0 democracia do AGORA, passando pelas fases [&hellip;]","og_url":"https:\/\/dev.aemsolutions.com.br\/orcamento-participativo-testes\/o-que-e-op\/","og_site_name":"Or\u00e7amento Participativo","article_modified_time":"2025-03-13T13:57:03+00:00","twitter_card":"summary_large_image","twitter_misc":{"Est. tempo de leitura":"4 minutos"},"schema":{"@context":"https:\/\/schema.org","@graph":[{"@type":"WebPage","@id":"https:\/\/dev.aemsolutions.com.br\/orcamento-participativo-testes\/o-que-e-op\/","url":"https:\/\/dev.aemsolutions.com.br\/orcamento-participativo-testes\/o-que-e-op\/","name":"O que \u00e9 OP - Or\u00e7amento Participativo","isPartOf":{"@id":"https:\/\/dev.aemsolutions.com.br\/orcamento-participativo-testes\/#website"},"datePublished":"2025-02-27T16:42:07+00:00","dateModified":"2025-03-13T13:57:03+00:00","breadcrumb":{"@id":"https:\/\/dev.aemsolutions.com.br\/orcamento-participativo-testes\/o-que-e-op\/#breadcrumb"},"inLanguage":"pt-BR","potentialAction":[{"@type":"ReadAction","target":["https:\/\/dev.aemsolutions.com.br\/orcamento-participativo-testes\/o-que-e-op\/"]}]},{"@type":"BreadcrumbList","@id":"https:\/\/dev.aemsolutions.com.br\/orcamento-participativo-testes\/o-que-e-op\/#breadcrumb","itemListElement":[{"@type":"ListItem","position":1,"name":"In\u00edcio","item":"https:\/\/dev.aemsolutions.com.br\/orcamento-participativo-testes\/"},{"@type":"ListItem","position":2,"name":"O que \u00e9 OP"}]},{"@type":"WebSite","@id":"https:\/\/dev.aemsolutions.com.br\/orcamento-participativo-testes\/#website","url":"https:\/\/dev.aemsolutions.com.br\/orcamento-participativo-testes\/","name":"Or\u00e7amento Participativo","description":"Or\u00e7amento Participativo do Mun\u00edcipio de Cubat\u00e3o","publisher":{"@id":"https:\/\/dev.aemsolutions.com.br\/orcamento-participativo-testes\/#organization"},"potentialAction":[{"@type":"SearchAction","target":{"@type":"EntryPoint","urlTemplate":"https:\/\/dev.aemsolutions.com.br\/orcamento-participativo-testes\/?s={search_term_string}"},"query-input":{"@type":"PropertyValueSpecification","valueRequired":true,"valueName":"search_term_string"}}],"inLanguage":"pt-BR"},{"@type":"Organization","@id":"https:\/\/dev.aemsolutions.com.br\/orcamento-participativo-testes\/#organization","name":"Or\u00e7amento Participativo","url":"https:\/\/dev.aemsolutions.com.br\/orcamento-participativo-testes\/","logo":{"@type":"ImageObject","inLanguage":"pt-BR","@id":"https:\/\/dev.aemsolutions.com.br\/orcamento-participativo-testes\/#\/schema\/logo\/image\/","url":"https:\/\/dev.aemsolutions.com.br\/orcamento-participativo-testes\/wp-content\/uploads\/2025\/02\/cubatao-logo.png","contentUrl":"https:\/\/dev.aemsolutions.com.br\/orcamento-participativo-testes\/wp-content\/uploads\/2025\/02\/cubatao-logo.png","width":316,"height":90,"caption":"Or\u00e7amento Participativo"},"image":{"@id":"https:\/\/dev.aemsolutions.com.br\/orcamento-participativo-testes\/#\/schema\/logo\/image\/"}}]}},"_links":{"self":[{"href":"https:\/\/dev.aemsolutions.com.br\/orcamento-participativo-testes\/wp-json\/wp\/v2\/pages\/1779","targetHints":{"allow":["GET"]}}],"collection":[{"href":"https:\/\/dev.aemsolutions.com.br\/orcamento-participativo-testes\/wp-json\/wp\/v2\/pages"}],"about":[{"href":"https:\/\/dev.aemsolutions.com.br\/orcamento-participativo-testes\/wp-json\/wp\/v2\/types\/page"}],"author":[{"embeddable":true,"href":"https:\/\/dev.aemsolutions.com.br\/orcamento-participativo-testes\/wp-json\/wp\/v2\/users\/1"}],"replies":[{"embeddable":true,"href":"https:\/\/dev.aemsolutions.com.br\/orcamento-participativo-testes\/wp-json\/wp\/v2\/comments?post=1779"}],"version-history":[{"count":30,"href":"https:\/\/dev.aemsolutions.com.br\/orcamento-participativo-testes\/wp-json\/wp\/v2\/pages\/1779\/revisions"}],"predecessor-version":[{"id":2155,"href":"https:\/\/dev.aemsolutions.com.br\/orcamento-participativo-testes\/wp-json\/wp\/v2\/pages\/1779\/revisions\/2155"}],"wp:attachment":[{"href":"https:\/\/dev.aemsolutions.com.br\/orcamento-participativo-testes\/wp-json\/wp\/v2\/media?parent=1779"}],"curies":[{"name":"wp","href":"https:\/\/api.w.org\/{rel}","templated":true}]}}