{"id":472,"date":"2025-08-03T17:52:43","date_gmt":"2025-08-03T20:52:43","guid":{"rendered":"https:\/\/dev.aemsolutions.com.br\/uvminas\/?page_id=472"},"modified":"2025-08-04T11:58:00","modified_gmt":"2025-08-04T14:58:00","slug":"sobre-nos","status":"publish","type":"page","link":"https:\/\/dev.aemsolutions.com.br\/uvminas\/sobre-nos\/","title":{"rendered":"Sobre n\u00f3s"},"content":{"rendered":"\t\t<div data-elementor-type=\"wp-page\" data-elementor-id=\"472\" class=\"elementor elementor-472\" data-elementor-post-type=\"page\">\n\t\t\t\t<div class=\"elementor-element elementor-element-6caae60 e-flex e-con-boxed e-con e-parent\" data-id=\"6caae60\" data-element_type=\"container\" data-settings=\"{&quot;background_background&quot;:&quot;classic&quot;}\">\n\t\t\t\t\t<div class=\"e-con-inner\">\n\t\t<div class=\"elementor-element elementor-element-220ad17 e-con-full e-flex e-con e-child\" data-id=\"220ad17\" data-element_type=\"container\">\n\t\t\t\t<div class=\"elementor-element elementor-element-6dfba5b elementor-widget elementor-widget-heading\" data-id=\"6dfba5b\" data-element_type=\"widget\" data-widget_type=\"heading.default\">\n\t\t\t\t\t<p class=\"elementor-heading-title elementor-size-default\">Hist\u00f3ria - Sobre n\u00f3s<\/p>\t\t\t\t<\/div>\n\t\t\t\t<\/div>\n\t\t\t\t\t<\/div>\n\t\t\t\t<\/div>\n\t\t<div class=\"elementor-element elementor-element-8db0b8e e-flex e-con-boxed e-con e-parent\" data-id=\"8db0b8e\" data-element_type=\"container\">\n\t\t\t\t\t<div class=\"e-con-inner\">\n\t\t<div class=\"elementor-element elementor-element-7b09ef8 e-con-full e-flex e-con e-child\" data-id=\"7b09ef8\" data-element_type=\"container\">\n\t\t<div class=\"elementor-element elementor-element-a410960 e-con-full e-flex e-con e-child\" data-id=\"a410960\" data-element_type=\"container\">\n\t\t\t\t<div class=\"elementor-element elementor-element-8d5a6ca elementor-widget elementor-widget-image\" data-id=\"8d5a6ca\" data-element_type=\"widget\" data-widget_type=\"image.default\">\n\t\t\t\t\t\t\t\t\t\t\t\t\t\t\t<img fetchpriority=\"high\" decoding=\"async\" width=\"960\" height=\"448\" src=\"https:\/\/dev.aemsolutions.com.br\/uvminas\/wp-content\/uploads\/2025\/07\/20250702_135506-1024x478.jpg\" class=\"attachment-large size-large wp-image-244\" alt=\"\" srcset=\"https:\/\/dev.aemsolutions.com.br\/uvminas\/wp-content\/uploads\/2025\/07\/20250702_135506-1024x478.jpg 1024w, https:\/\/dev.aemsolutions.com.br\/uvminas\/wp-content\/uploads\/2025\/07\/20250702_135506-300x140.jpg 300w, https:\/\/dev.aemsolutions.com.br\/uvminas\/wp-content\/uploads\/2025\/07\/20250702_135506-768x359.jpg 768w, https:\/\/dev.aemsolutions.com.br\/uvminas\/wp-content\/uploads\/2025\/07\/20250702_135506-1536x717.jpg 1536w, https:\/\/dev.aemsolutions.com.br\/uvminas\/wp-content\/uploads\/2025\/07\/20250702_135506-2048x956.jpg 2048w\" sizes=\"(max-width: 960px) 100vw, 960px\" \/>\t\t\t\t\t\t\t\t\t\t\t\t\t\t\t<\/div>\n\t\t\t\t<\/div>\n\t\t<div class=\"elementor-element elementor-element-3cede62 e-con-full e-flex e-con e-child\" data-id=\"3cede62\" data-element_type=\"container\">\n\t\t\t\t<div class=\"elementor-element elementor-element-d92ccad elementor-widget elementor-widget-heading\" data-id=\"d92ccad\" data-element_type=\"widget\" data-widget_type=\"heading.default\">\n\t\t\t\t\t<p class=\"elementor-heading-title elementor-size-default\">QUEM SOMOS<\/p>\t\t\t\t<\/div>\n\t\t\t\t<div class=\"elementor-element elementor-element-8f19dcd elementor-widget__width-initial elementor-widget elementor-widget-heading\" data-id=\"8f19dcd\" data-element_type=\"widget\" data-widget_type=\"heading.default\">\n\t\t\t\t\t<p class=\"elementor-heading-title elementor-size-default\">UV-MINAS \u00e9 uma institui\u00e7\u00e3o que apoia em sua totalidade vereadores e gestores, que acredita ser fundamental ter uma vis\u00e3o e miss\u00e3o que reflitam seu compromisso com a melhoria da gest\u00e3o p\u00fablica e o fortalecimento da democracia.\n<\/p>\t\t\t\t<\/div>\n\t\t\t\t<\/div>\n\t\t\t\t<\/div>\n\t\t<div class=\"elementor-element elementor-element-603f0cd e-con-full e-flex e-con e-child\" data-id=\"603f0cd\" data-element_type=\"container\" data-settings=\"{&quot;background_background&quot;:&quot;classic&quot;}\">\n\t\t<div class=\"elementor-element elementor-element-fe59ecf e-con-full e-flex e-con e-child\" data-id=\"fe59ecf\" data-element_type=\"container\">\n\t\t<div class=\"elementor-element elementor-element-0b43e72 e-con-full e-flex e-con e-child\" data-id=\"0b43e72\" data-element_type=\"container\">\n\t\t\t\t<div class=\"elementor-element elementor-element-7402210 elementor-widget elementor-widget-heading\" data-id=\"7402210\" data-element_type=\"widget\" data-widget_type=\"heading.default\">\n\t\t\t\t\t<p class=\"elementor-heading-title elementor-size-default\">Conhe\u00e7a nossa Hist\u00f3ria<\/p>\t\t\t\t<\/div>\n\t\t\t\t<\/div>\n\t\t<div class=\"elementor-element elementor-element-3fd2008 e-con-full e-flex e-con e-child\" data-id=\"3fd2008\" data-element_type=\"container\">\n\t\t<div class=\"elementor-element elementor-element-4a7b740 e-con-full e-flex e-con e-child\" data-id=\"4a7b740\" data-element_type=\"container\">\n\t\t\t\t<div class=\"elementor-element elementor-element-272eb8a elementor-widget elementor-widget-image\" data-id=\"272eb8a\" data-element_type=\"widget\" data-widget_type=\"image.default\">\n\t\t\t\t\t\t\t\t\t\t\t\t\t\t\t<img fetchpriority=\"high\" decoding=\"async\" width=\"960\" height=\"448\" src=\"https:\/\/dev.aemsolutions.com.br\/uvminas\/wp-content\/uploads\/2025\/07\/20250702_135506-1024x478.jpg\" class=\"attachment-large size-large wp-image-244\" alt=\"\" srcset=\"https:\/\/dev.aemsolutions.com.br\/uvminas\/wp-content\/uploads\/2025\/07\/20250702_135506-1024x478.jpg 1024w, https:\/\/dev.aemsolutions.com.br\/uvminas\/wp-content\/uploads\/2025\/07\/20250702_135506-300x140.jpg 300w, https:\/\/dev.aemsolutions.com.br\/uvminas\/wp-content\/uploads\/2025\/07\/20250702_135506-768x359.jpg 768w, https:\/\/dev.aemsolutions.com.br\/uvminas\/wp-content\/uploads\/2025\/07\/20250702_135506-1536x717.jpg 1536w, https:\/\/dev.aemsolutions.com.br\/uvminas\/wp-content\/uploads\/2025\/07\/20250702_135506-2048x956.jpg 2048w\" sizes=\"(max-width: 960px) 100vw, 960px\" \/>\t\t\t\t\t\t\t\t\t\t\t\t\t\t\t<\/div>\n\t\t\t\t<\/div>\n\t\t<div class=\"elementor-element elementor-element-0b3eeac e-con-full e-flex e-con e-child\" data-id=\"0b3eeac\" data-element_type=\"container\">\n\t\t\t\t<div class=\"elementor-element elementor-element-c3b0a7d elementor-widget elementor-widget-heading\" data-id=\"c3b0a7d\" data-element_type=\"widget\" data-widget_type=\"heading.default\">\n\t\t\t\t\t<p class=\"elementor-heading-title elementor-size-default\">Defender o municipalismo e fortalecer o parlamento<\/p>\t\t\t\t<\/div>\n\t\t\t\t<div class=\"elementor-element elementor-element-304417f elementor-widget__width-initial elementor-widget elementor-widget-heading\" data-id=\"304417f\" data-element_type=\"widget\" data-widget_type=\"heading.default\">\n\t\t\t\t\t<p class=\"elementor-heading-title elementor-size-default\">Promover o bem estar social atrav\u00e9s da conquista de emendas parlamentares e acesso livre \u00e0 ALMG - Assembleia Legislativa de Minas Gerais, Congresso Nacional e Governo do Estado, fortalecendo o elo entre os poderes para conquista de mais recursos aos munic\u00edpios de Minas Gerais.<\/p>\t\t\t\t<\/div>\n\t\t\t\t<\/div>\n\t\t\t\t<\/div>\n\t\t<div class=\"elementor-element elementor-element-e070a02 e-con-full e-flex e-con e-child\" data-id=\"e070a02\" data-element_type=\"container\">\n\t\t<div class=\"elementor-element elementor-element-00f5a1a e-con-full e-flex e-con e-child\" data-id=\"00f5a1a\" data-element_type=\"container\">\n\t\t\t\t<div class=\"elementor-element elementor-element-4c0ca35 elementor-widget elementor-widget-heading\" data-id=\"4c0ca35\" data-element_type=\"widget\" data-widget_type=\"heading.default\">\n\t\t\t\t\t<p class=\"elementor-heading-title elementor-size-default\">Defender o municipalismo e fortalecer o parlamento<\/p>\t\t\t\t<\/div>\n\t\t\t\t<div class=\"elementor-element elementor-element-b6d7b9f elementor-widget__width-initial elementor-widget elementor-widget-heading\" data-id=\"b6d7b9f\" data-element_type=\"widget\" data-widget_type=\"heading.default\">\n\t\t\t\t\t<p class=\"elementor-heading-title elementor-size-default\">Promover o bem estar social atrav\u00e9s da conquista de emendas parlamentares e acesso livre \u00e0 ALMG - Assembleia Legislativa de Minas Gerais, Congresso Nacional e Governo do Estado, fortalecendo o elo entre os poderes para conquista de mais recursos aos munic\u00edpios de Minas Gerais.<\/p>\t\t\t\t<\/div>\n\t\t\t\t<\/div>\n\t\t<div class=\"elementor-element elementor-element-c50aa47 e-con-full e-flex e-con e-child\" data-id=\"c50aa47\" data-element_type=\"container\">\n\t\t\t\t<div class=\"elementor-element elementor-element-e32cfb2 elementor-widget elementor-widget-image\" data-id=\"e32cfb2\" data-element_type=\"widget\" data-widget_type=\"image.default\">\n\t\t\t\t\t\t\t\t\t\t\t\t\t\t\t<img fetchpriority=\"high\" decoding=\"async\" width=\"960\" height=\"448\" src=\"https:\/\/dev.aemsolutions.com.br\/uvminas\/wp-content\/uploads\/2025\/07\/20250702_135506-1024x478.jpg\" class=\"attachment-large size-large wp-image-244\" alt=\"\" srcset=\"https:\/\/dev.aemsolutions.com.br\/uvminas\/wp-content\/uploads\/2025\/07\/20250702_135506-1024x478.jpg 1024w, https:\/\/dev.aemsolutions.com.br\/uvminas\/wp-content\/uploads\/2025\/07\/20250702_135506-300x140.jpg 300w, https:\/\/dev.aemsolutions.com.br\/uvminas\/wp-content\/uploads\/2025\/07\/20250702_135506-768x359.jpg 768w, https:\/\/dev.aemsolutions.com.br\/uvminas\/wp-content\/uploads\/2025\/07\/20250702_135506-1536x717.jpg 1536w, https:\/\/dev.aemsolutions.com.br\/uvminas\/wp-content\/uploads\/2025\/07\/20250702_135506-2048x956.jpg 2048w\" sizes=\"(max-width: 960px) 100vw, 960px\" \/>\t\t\t\t\t\t\t\t\t\t\t\t\t\t\t<\/div>\n\t\t\t\t<\/div>\n\t\t\t\t<\/div>\n\t\t<div class=\"elementor-element elementor-element-68da129 e-con-full e-flex e-con e-child\" data-id=\"68da129\" data-element_type=\"container\">\n\t\t<div class=\"elementor-element elementor-element-ed2df8c e-con-full e-flex e-con e-child\" data-id=\"ed2df8c\" data-element_type=\"container\">\n\t\t\t\t<div class=\"elementor-element elementor-element-672c79c elementor-widget elementor-widget-image\" data-id=\"672c79c\" data-element_type=\"widget\" data-widget_type=\"image.default\">\n\t\t\t\t\t\t\t\t\t\t\t\t\t\t\t<img fetchpriority=\"high\" decoding=\"async\" width=\"960\" height=\"448\" src=\"https:\/\/dev.aemsolutions.com.br\/uvminas\/wp-content\/uploads\/2025\/07\/20250702_135506-1024x478.jpg\" class=\"attachment-large size-large wp-image-244\" alt=\"\" srcset=\"https:\/\/dev.aemsolutions.com.br\/uvminas\/wp-content\/uploads\/2025\/07\/20250702_135506-1024x478.jpg 1024w, https:\/\/dev.aemsolutions.com.br\/uvminas\/wp-content\/uploads\/2025\/07\/20250702_135506-300x140.jpg 300w, https:\/\/dev.aemsolutions.com.br\/uvminas\/wp-content\/uploads\/2025\/07\/20250702_135506-768x359.jpg 768w, https:\/\/dev.aemsolutions.com.br\/uvminas\/wp-content\/uploads\/2025\/07\/20250702_135506-1536x717.jpg 1536w, https:\/\/dev.aemsolutions.com.br\/uvminas\/wp-content\/uploads\/2025\/07\/20250702_135506-2048x956.jpg 2048w\" sizes=\"(max-width: 960px) 100vw, 960px\" \/>\t\t\t\t\t\t\t\t\t\t\t\t\t\t\t<\/div>\n\t\t\t\t<\/div>\n\t\t<div class=\"elementor-element elementor-element-d918caa e-con-full e-flex e-con e-child\" data-id=\"d918caa\" data-element_type=\"container\">\n\t\t\t\t<div class=\"elementor-element elementor-element-3406391 elementor-widget elementor-widget-heading\" data-id=\"3406391\" data-element_type=\"widget\" data-widget_type=\"heading.default\">\n\t\t\t\t\t<p class=\"elementor-heading-title elementor-size-default\">NOSSA VIS\u00c3O<\/p>\t\t\t\t<\/div>\n\t\t\t\t<div class=\"elementor-element elementor-element-10a395f elementor-widget__width-initial elementor-widget elementor-widget-heading\" data-id=\"10a395f\" data-element_type=\"widget\" data-widget_type=\"heading.default\">\n\t\t\t\t\t<p class=\"elementor-heading-title elementor-size-default\">Ser a principal e \u00fanica refer\u00eancia em apoio e capacita\u00e7\u00e3o para vereadores e gestores, promovendo uma gest\u00e3o p\u00fablica eficiente, transparente e participativa que atenda \u00e0s necessidades da comunidade, c\u00e2maras e Munic\u00edpios para fortalecer a democracia em todas as suas esferas.<\/p>\t\t\t\t<\/div>\n\t\t\t\t<\/div>\n\t\t\t\t<\/div>\n\t\t<div class=\"elementor-element elementor-element-d2bf27e e-con-full e-flex e-con e-child\" data-id=\"d2bf27e\" data-element_type=\"container\">\n\t\t<div class=\"elementor-element elementor-element-546b752 e-con-full e-flex e-con e-child\" data-id=\"546b752\" data-element_type=\"container\">\n\t\t\t\t<div class=\"elementor-element elementor-element-58acefb elementor-widget elementor-widget-heading\" data-id=\"58acefb\" data-element_type=\"widget\" data-widget_type=\"heading.default\">\n\t\t\t\t\t<p class=\"elementor-heading-title elementor-size-default\">NOSSA MISS\u00c3O<\/p>\t\t\t\t<\/div>\n\t\t\t\t<div class=\"elementor-element elementor-element-3ba5a06 elementor-widget__width-initial elementor-widget elementor-widget-heading\" data-id=\"3ba5a06\" data-element_type=\"widget\" data-widget_type=\"heading.default\">\n\t\t\t\t\t<p class=\"elementor-heading-title elementor-size-default\">Oferecer recursos, forma\u00e7\u00e3o e suporte t\u00e9cnico e acompanhamentos diversos a vereadores e gestores, promovendo boas pr\u00e1ticas de administra\u00e7\u00e3o p\u00fablica, incentivando a transpar\u00eancia, a responsabilidade e a participa\u00e7\u00e3o cidad\u00e3, com o objetivo de transformar desafios em oportunidades para o desenvolvimento\u00a0local.<\/p>\t\t\t\t<\/div>\n\t\t\t\t<\/div>\n\t\t<div class=\"elementor-element elementor-element-91d8994 e-con-full e-flex e-con e-child\" data-id=\"91d8994\" data-element_type=\"container\">\n\t\t\t\t<div class=\"elementor-element elementor-element-5fbd7de elementor-widget elementor-widget-image\" data-id=\"5fbd7de\" data-element_type=\"widget\" data-widget_type=\"image.default\">\n\t\t\t\t\t\t\t\t\t\t\t\t\t\t\t<img fetchpriority=\"high\" decoding=\"async\" width=\"960\" height=\"448\" src=\"https:\/\/dev.aemsolutions.com.br\/uvminas\/wp-content\/uploads\/2025\/07\/20250702_135506-1024x478.jpg\" class=\"attachment-large size-large wp-image-244\" alt=\"\" srcset=\"https:\/\/dev.aemsolutions.com.br\/uvminas\/wp-content\/uploads\/2025\/07\/20250702_135506-1024x478.jpg 1024w, https:\/\/dev.aemsolutions.com.br\/uvminas\/wp-content\/uploads\/2025\/07\/20250702_135506-300x140.jpg 300w, https:\/\/dev.aemsolutions.com.br\/uvminas\/wp-content\/uploads\/2025\/07\/20250702_135506-768x359.jpg 768w, https:\/\/dev.aemsolutions.com.br\/uvminas\/wp-content\/uploads\/2025\/07\/20250702_135506-1536x717.jpg 1536w, https:\/\/dev.aemsolutions.com.br\/uvminas\/wp-content\/uploads\/2025\/07\/20250702_135506-2048x956.jpg 2048w\" sizes=\"(max-width: 960px) 100vw, 960px\" \/>\t\t\t\t\t\t\t\t\t\t\t\t\t\t\t<\/div>\n\t\t\t\t<\/div>\n\t\t\t\t<\/div>\n\t\t<div class=\"elementor-element elementor-element-36fa83f e-con-full e-flex e-con e-child\" data-id=\"36fa83f\" data-element_type=\"container\">\n\t\t<div class=\"elementor-element elementor-element-931e89f e-con-full e-flex e-con e-child\" data-id=\"931e89f\" data-element_type=\"container\">\n\t\t<div class=\"elementor-element elementor-element-a49a7e0 e-con-full e-flex e-con e-child\" data-id=\"a49a7e0\" data-element_type=\"container\">\n\t\t\t\t<div class=\"elementor-element elementor-element-b427410 elementor-widget elementor-widget-image\" data-id=\"b427410\" data-element_type=\"widget\" data-widget_type=\"image.default\">\n\t\t\t\t\t\t\t\t\t\t\t\t\t\t\t<img fetchpriority=\"high\" decoding=\"async\" width=\"960\" height=\"448\" src=\"https:\/\/dev.aemsolutions.com.br\/uvminas\/wp-content\/uploads\/2025\/07\/20250702_135506-1024x478.jpg\" class=\"attachment-large size-large wp-image-244\" alt=\"\" srcset=\"https:\/\/dev.aemsolutions.com.br\/uvminas\/wp-content\/uploads\/2025\/07\/20250702_135506-1024x478.jpg 1024w, https:\/\/dev.aemsolutions.com.br\/uvminas\/wp-content\/uploads\/2025\/07\/20250702_135506-300x140.jpg 300w, https:\/\/dev.aemsolutions.com.br\/uvminas\/wp-content\/uploads\/2025\/07\/20250702_135506-768x359.jpg 768w, https:\/\/dev.aemsolutions.com.br\/uvminas\/wp-content\/uploads\/2025\/07\/20250702_135506-1536x717.jpg 1536w, https:\/\/dev.aemsolutions.com.br\/uvminas\/wp-content\/uploads\/2025\/07\/20250702_135506-2048x956.jpg 2048w\" sizes=\"(max-width: 960px) 100vw, 960px\" \/>\t\t\t\t\t\t\t\t\t\t\t\t\t\t\t<\/div>\n\t\t\t\t<\/div>\n\t\t<div class=\"elementor-element elementor-element-9b13491 e-con-full e-flex e-con e-child\" data-id=\"9b13491\" data-element_type=\"container\">\n\t\t\t\t<div class=\"elementor-element elementor-element-4fab8ec elementor-widget elementor-widget-heading\" data-id=\"4fab8ec\" data-element_type=\"widget\" data-widget_type=\"heading.default\">\n\t\t\t\t\t<p class=\"elementor-heading-title elementor-size-default\">Defender o municipalismo e fortalecer o parlamento<\/p>\t\t\t\t<\/div>\n\t\t\t\t<div class=\"elementor-element elementor-element-49f7953 elementor-widget__width-initial elementor-widget elementor-widget-heading\" data-id=\"49f7953\" data-element_type=\"widget\" data-widget_type=\"heading.default\">\n\t\t\t\t\t<p class=\"elementor-heading-title elementor-size-default\">Promover o bem estar social atrav\u00e9s da conquista de emendas parlamentares e acesso livre \u00e0 ALMG - Assembleia Legislativa de Minas Gerais.<\/p>\t\t\t\t<\/div>\n\t\t\t\t<\/div>\n\t\t\t\t<\/div>\n\t\t<div class=\"elementor-element elementor-element-2b50325 e-con-full e-flex e-con e-child\" data-id=\"2b50325\" data-element_type=\"container\">\n\t\t<div class=\"elementor-element elementor-element-77a88c2 e-con-full e-flex e-con e-child\" data-id=\"77a88c2\" data-element_type=\"container\">\n\t\t\t\t<div class=\"elementor-element elementor-element-e525f57 elementor-widget elementor-widget-image\" data-id=\"e525f57\" data-element_type=\"widget\" data-widget_type=\"image.default\">\n\t\t\t\t\t\t\t\t\t\t\t\t\t\t\t<img fetchpriority=\"high\" decoding=\"async\" width=\"960\" height=\"448\" src=\"https:\/\/dev.aemsolutions.com.br\/uvminas\/wp-content\/uploads\/2025\/07\/20250702_135506-1024x478.jpg\" class=\"attachment-large size-large wp-image-244\" alt=\"\" srcset=\"https:\/\/dev.aemsolutions.com.br\/uvminas\/wp-content\/uploads\/2025\/07\/20250702_135506-1024x478.jpg 1024w, https:\/\/dev.aemsolutions.com.br\/uvminas\/wp-content\/uploads\/2025\/07\/20250702_135506-300x140.jpg 300w, https:\/\/dev.aemsolutions.com.br\/uvminas\/wp-content\/uploads\/2025\/07\/20250702_135506-768x359.jpg 768w, https:\/\/dev.aemsolutions.com.br\/uvminas\/wp-content\/uploads\/2025\/07\/20250702_135506-1536x717.jpg 1536w, https:\/\/dev.aemsolutions.com.br\/uvminas\/wp-content\/uploads\/2025\/07\/20250702_135506-2048x956.jpg 2048w\" sizes=\"(max-width: 960px) 100vw, 960px\" \/>\t\t\t\t\t\t\t\t\t\t\t\t\t\t\t<\/div>\n\t\t\t\t<\/div>\n\t\t<div class=\"elementor-element elementor-element-a0f2b86 e-con-full e-flex e-con e-child\" data-id=\"a0f2b86\" data-element_type=\"container\">\n\t\t\t\t<div class=\"elementor-element elementor-element-206620c elementor-widget elementor-widget-heading\" data-id=\"206620c\" data-element_type=\"widget\" data-widget_type=\"heading.default\">\n\t\t\t\t\t<p class=\"elementor-heading-title elementor-size-default\">Defender o municipalismo e fortalecer o parlamento<\/p>\t\t\t\t<\/div>\n\t\t\t\t<div class=\"elementor-element elementor-element-e94ba0d elementor-widget__width-initial elementor-widget elementor-widget-heading\" data-id=\"e94ba0d\" data-element_type=\"widget\" data-widget_type=\"heading.default\">\n\t\t\t\t\t<p class=\"elementor-heading-title elementor-size-default\">Promover o bem estar social atrav\u00e9s da conquista de emendas parlamentares e acesso livre \u00e0 ALMG - Assembleia Legislativa de Minas Gerais.<\/p>\t\t\t\t<\/div>\n\t\t\t\t<\/div>\n\t\t\t\t<\/div>\n\t\t<div class=\"elementor-element elementor-element-814e8a9 e-con-full e-flex e-con e-child\" data-id=\"814e8a9\" data-element_type=\"container\">\n\t\t<div class=\"elementor-element elementor-element-c83a814 e-con-full e-flex e-con e-child\" data-id=\"c83a814\" data-element_type=\"container\">\n\t\t\t\t<div class=\"elementor-element elementor-element-678e985 elementor-widget elementor-widget-image\" data-id=\"678e985\" data-element_type=\"widget\" data-widget_type=\"image.default\">\n\t\t\t\t\t\t\t\t\t\t\t\t\t\t\t<img fetchpriority=\"high\" decoding=\"async\" width=\"960\" height=\"448\" src=\"https:\/\/dev.aemsolutions.com.br\/uvminas\/wp-content\/uploads\/2025\/07\/20250702_135506-1024x478.jpg\" class=\"attachment-large size-large wp-image-244\" alt=\"\" srcset=\"https:\/\/dev.aemsolutions.com.br\/uvminas\/wp-content\/uploads\/2025\/07\/20250702_135506-1024x478.jpg 1024w, https:\/\/dev.aemsolutions.com.br\/uvminas\/wp-content\/uploads\/2025\/07\/20250702_135506-300x140.jpg 300w, https:\/\/dev.aemsolutions.com.br\/uvminas\/wp-content\/uploads\/2025\/07\/20250702_135506-768x359.jpg 768w, https:\/\/dev.aemsolutions.com.br\/uvminas\/wp-content\/uploads\/2025\/07\/20250702_135506-1536x717.jpg 1536w, https:\/\/dev.aemsolutions.com.br\/uvminas\/wp-content\/uploads\/2025\/07\/20250702_135506-2048x956.jpg 2048w\" sizes=\"(max-width: 960px) 100vw, 960px\" \/>\t\t\t\t\t\t\t\t\t\t\t\t\t\t\t<\/div>\n\t\t\t\t<\/div>\n\t\t<div class=\"elementor-element elementor-element-9ed8426 e-con-full e-flex e-con e-child\" data-id=\"9ed8426\" data-element_type=\"container\">\n\t\t\t\t<div class=\"elementor-element elementor-element-237979b elementor-widget elementor-widget-heading\" data-id=\"237979b\" data-element_type=\"widget\" data-widget_type=\"heading.default\">\n\t\t\t\t\t<p class=\"elementor-heading-title elementor-size-default\">Defender o municipalismo e fortalecer o parlamento<\/p>\t\t\t\t<\/div>\n\t\t\t\t<div class=\"elementor-element elementor-element-a17e5a3 elementor-widget__width-initial elementor-widget elementor-widget-heading\" data-id=\"a17e5a3\" data-element_type=\"widget\" data-widget_type=\"heading.default\">\n\t\t\t\t\t<p class=\"elementor-heading-title elementor-size-default\">Promover o bem estar social atrav\u00e9s da conquista de emendas parlamentares e acesso livre \u00e0 ALMG - Assembleia Legislativa de Minas Gerais.<\/p>\t\t\t\t<\/div>\n\t\t\t\t<\/div>\n\t\t\t\t<\/div>\n\t\t<div class=\"elementor-element elementor-element-ab1ae05 e-con-full e-flex e-con e-child\" data-id=\"ab1ae05\" data-element_type=\"container\">\n\t\t<div class=\"elementor-element elementor-element-34f6c27 e-con-full e-flex e-con e-child\" data-id=\"34f6c27\" data-element_type=\"container\">\n\t\t\t\t<div class=\"elementor-element elementor-element-2da6bf6 elementor-widget elementor-widget-image\" data-id=\"2da6bf6\" data-element_type=\"widget\" data-widget_type=\"image.default\">\n\t\t\t\t\t\t\t\t\t\t\t\t\t\t\t<img fetchpriority=\"high\" decoding=\"async\" width=\"960\" height=\"448\" src=\"https:\/\/dev.aemsolutions.com.br\/uvminas\/wp-content\/uploads\/2025\/07\/20250702_135506-1024x478.jpg\" class=\"attachment-large size-large wp-image-244\" alt=\"\" srcset=\"https:\/\/dev.aemsolutions.com.br\/uvminas\/wp-content\/uploads\/2025\/07\/20250702_135506-1024x478.jpg 1024w, https:\/\/dev.aemsolutions.com.br\/uvminas\/wp-content\/uploads\/2025\/07\/20250702_135506-300x140.jpg 300w, https:\/\/dev.aemsolutions.com.br\/uvminas\/wp-content\/uploads\/2025\/07\/20250702_135506-768x359.jpg 768w, https:\/\/dev.aemsolutions.com.br\/uvminas\/wp-content\/uploads\/2025\/07\/20250702_135506-1536x717.jpg 1536w, https:\/\/dev.aemsolutions.com.br\/uvminas\/wp-content\/uploads\/2025\/07\/20250702_135506-2048x956.jpg 2048w\" sizes=\"(max-width: 960px) 100vw, 960px\" \/>\t\t\t\t\t\t\t\t\t\t\t\t\t\t\t<\/div>\n\t\t\t\t<\/div>\n\t\t<div class=\"elementor-element elementor-element-b130675 e-con-full e-flex e-con e-child\" data-id=\"b130675\" data-element_type=\"container\">\n\t\t\t\t<div class=\"elementor-element elementor-element-87344a3 elementor-widget elementor-widget-heading\" data-id=\"87344a3\" data-element_type=\"widget\" data-widget_type=\"heading.default\">\n\t\t\t\t\t<p class=\"elementor-heading-title elementor-size-default\">Defender o municipalismo e fortalecer o parlamento<\/p>\t\t\t\t<\/div>\n\t\t\t\t<div class=\"elementor-element elementor-element-7a36a49 elementor-widget__width-initial elementor-widget elementor-widget-heading\" data-id=\"7a36a49\" data-element_type=\"widget\" data-widget_type=\"heading.default\">\n\t\t\t\t\t<p class=\"elementor-heading-title elementor-size-default\">Promover o bem estar social atrav\u00e9s da conquista de emendas parlamentares e acesso livre \u00e0 ALMG - Assembleia Legislativa de Minas Gerais.<\/p>\t\t\t\t<\/div>\n\t\t\t\t<\/div>\n\t\t\t\t<\/div>\n\t\t\t\t<\/div>\n\t\t\t\t<\/div>\n\t\t\t\t<\/div>\n\t\t\t\t\t<\/div>\n\t\t\t\t<\/div>\n\t\t\t\t<\/div>\n\t\t","protected":false},"excerpt":{"rendered":"<p>Hist\u00f3ria &#8211; Sobre n\u00f3s QUEM SOMOS UV-MINAS \u00e9 uma institui\u00e7\u00e3o que apoia em sua totalidade vereadores e gestores, que acredita ser fundamental ter uma vis\u00e3o e miss\u00e3o que reflitam seu compromisso com a melhoria da gest\u00e3o p\u00fablica e o fortalecimento da democracia. Conhe\u00e7a nossa Hist\u00f3ria Defender o municipalismo e fortalecer o parlamento Promover o bem<\/p>\n","protected":false},"author":1,"featured_media":0,"parent":0,"menu_order":0,"comment_status":"closed","ping_status":"closed","template":"elementor_header_footer","meta":{"footnotes":""},"class_list":["post-472","page","type-page","status-publish","hentry"],"_links":{"self":[{"href":"https:\/\/dev.aemsolutions.com.br\/uvminas\/wp-json\/wp\/v2\/pages\/472","targetHints":{"allow":["GET"]}}],"collection":[{"href":"https:\/\/dev.aemsolutions.com.br\/uvminas\/wp-json\/wp\/v2\/pages"}],"about":[{"href":"https:\/\/dev.aemsolutions.com.br\/uvminas\/wp-json\/wp\/v2\/types\/page"}],"author":[{"embeddable":true,"href":"https:\/\/dev.aemsolutions.com.br\/uvminas\/wp-json\/wp\/v2\/users\/1"}],"replies":[{"embeddable":true,"href":"https:\/\/dev.aemsolutions.com.br\/uvminas\/wp-json\/wp\/v2\/comments?post=472"}],"version-history":[{"count":7,"href":"https:\/\/dev.aemsolutions.com.br\/uvminas\/wp-json\/wp\/v2\/pages\/472\/revisions"}],"predecessor-version":[{"id":604,"href":"https:\/\/dev.aemsolutions.com.br\/uvminas\/wp-json\/wp\/v2\/pages\/472\/revisions\/604"}],"wp:attachment":[{"href":"https:\/\/dev.aemsolutions.com.br\/uvminas\/wp-json\/wp\/v2\/media?parent=472"}],"curies":[{"name":"wp","href":"https:\/\/api.w.org\/{rel}","templated":true}]}}