{"id":482,"date":"2025-08-03T17:56:14","date_gmt":"2025-08-03T20:56:14","guid":{"rendered":"https:\/\/dev.aemsolutions.com.br\/uvminas\/?page_id=482"},"modified":"2025-08-03T20:02:53","modified_gmt":"2025-08-03T23:02:53","slug":"beneficios","status":"publish","type":"page","link":"https:\/\/dev.aemsolutions.com.br\/uvminas\/beneficios\/","title":{"rendered":"Benef\u00edcios"},"content":{"rendered":"\t\t<div data-elementor-type=\"wp-page\" data-elementor-id=\"482\" class=\"elementor elementor-482\" data-elementor-post-type=\"page\">\n\t\t\t\t<div class=\"elementor-element elementor-element-b72c927 e-flex e-con-boxed e-con e-parent\" data-id=\"b72c927\" data-element_type=\"container\" data-settings=\"{&quot;background_background&quot;:&quot;classic&quot;}\">\n\t\t\t\t\t<div class=\"e-con-inner\">\n\t\t<div class=\"elementor-element elementor-element-20aa0da e-con-full e-flex e-con e-child\" data-id=\"20aa0da\" data-element_type=\"container\">\n\t\t\t\t<div class=\"elementor-element elementor-element-786e21c elementor-widget elementor-widget-heading\" data-id=\"786e21c\" data-element_type=\"widget\" data-widget_type=\"heading.default\">\n\t\t\t\t\t<p class=\"elementor-heading-title elementor-size-default\">Solu\u00e7\u00f5es - Benef\u00edcios<\/p>\t\t\t\t<\/div>\n\t\t\t\t<\/div>\n\t\t\t\t\t<\/div>\n\t\t\t\t<\/div>\n\t\t<div class=\"elementor-element elementor-element-030c0de e-flex e-con-boxed e-con e-parent\" data-id=\"030c0de\" data-element_type=\"container\">\n\t\t\t\t\t<div class=\"e-con-inner\">\n\t\t<div class=\"elementor-element elementor-element-157a191 e-con-full e-flex e-con e-child\" data-id=\"157a191\" data-element_type=\"container\">\n\t\t<div class=\"elementor-element elementor-element-6ff4b7c e-con-full e-flex e-con e-child\" data-id=\"6ff4b7c\" data-element_type=\"container\">\n\t\t\t\t<div class=\"elementor-element elementor-element-f208551 elementor-widget elementor-widget-image\" data-id=\"f208551\" data-element_type=\"widget\" data-widget_type=\"image.default\">\n\t\t\t\t\t\t\t\t\t\t\t\t\t\t\t<img fetchpriority=\"high\" decoding=\"async\" width=\"329\" height=\"271\" src=\"https:\/\/dev.aemsolutions.com.br\/uvminas\/wp-content\/uploads\/2025\/07\/sdgshshjkliuciu.png\" class=\"attachment-full size-full wp-image-266\" alt=\"\" srcset=\"https:\/\/dev.aemsolutions.com.br\/uvminas\/wp-content\/uploads\/2025\/07\/sdgshshjkliuciu.png 329w, https:\/\/dev.aemsolutions.com.br\/uvminas\/wp-content\/uploads\/2025\/07\/sdgshshjkliuciu-300x247.png 300w\" sizes=\"(max-width: 329px) 100vw, 329px\" \/>\t\t\t\t\t\t\t\t\t\t\t\t\t\t\t<\/div>\n\t\t\t\t<\/div>\n\t\t<div class=\"elementor-element elementor-element-5c80f98 e-con-full e-flex e-con e-child\" data-id=\"5c80f98\" data-element_type=\"container\">\n\t\t\t\t<div class=\"elementor-element elementor-element-41c587d elementor-widget elementor-widget-heading\" data-id=\"41c587d\" data-element_type=\"widget\" data-widget_type=\"heading.default\">\n\t\t\t\t\t<p class=\"elementor-heading-title elementor-size-default\">Lorem Ipsum is simply dummy text of the printing and typesetting industry.<\/p>\t\t\t\t<\/div>\n\t\t\t\t<div class=\"elementor-element elementor-element-0585523 elementor-widget__width-initial elementor-widget elementor-widget-heading\" data-id=\"0585523\" data-element_type=\"widget\" data-widget_type=\"heading.default\">\n\t\t\t\t\t<p class=\"elementor-heading-title elementor-size-default\">Lorem Ipsum is simply dummy text of the printing and typesetting industry. Lorem Ipsum has been the industry's standard dummy text ever since the 1500s, when an unknown printer took a galley of type and scrambled it to make a type specimen book. It has survived not only five centuries, but also the leap into electronic typesetting, remaining essentially unchanged. It was popularised in the 1960s with the release of Letraset sheets containing Lorem Ipsum passages, and more recently with desktop publishing software like Aldus PageMaker including versions of Lorem Ipsum.<\/p>\t\t\t\t<\/div>\n\t\t\t\t<\/div>\n\t\t\t\t<\/div>\n\t\t<div class=\"elementor-element elementor-element-0159b53 e-con-full e-flex e-con e-child\" data-id=\"0159b53\" data-element_type=\"container\" data-settings=\"{&quot;background_background&quot;:&quot;classic&quot;}\">\n\t\t<div class=\"elementor-element elementor-element-6dddd3e e-con-full e-flex e-con e-child\" data-id=\"6dddd3e\" data-element_type=\"container\">\n\t\t<div class=\"elementor-element elementor-element-3a42a8a e-con-full e-flex e-con e-child\" data-id=\"3a42a8a\" data-element_type=\"container\">\n\t\t\t\t<div class=\"elementor-element elementor-element-057a18a elementor-widget elementor-widget-heading\" data-id=\"057a18a\" data-element_type=\"widget\" data-widget_type=\"heading.default\">\n\t\t\t\t\t<p class=\"elementor-heading-title elementor-size-default\">Quais s\u00e3o os meus benef\u00edcios?<\/p>\t\t\t\t<\/div>\n\t\t\t\t<\/div>\n\t\t<div class=\"elementor-element elementor-element-d40f79d e-con-full e-flex e-con e-child\" data-id=\"d40f79d\" data-element_type=\"container\">\n\t\t<div class=\"elementor-element elementor-element-005c07a e-con-full e-flex e-con e-child\" data-id=\"005c07a\" data-element_type=\"container\">\n\t\t\t\t<div class=\"elementor-element elementor-element-3a1d5bd elementor-widget elementor-widget-image\" data-id=\"3a1d5bd\" data-element_type=\"widget\" data-widget_type=\"image.default\">\n\t\t\t\t\t\t\t\t\t\t\t\t\t\t\t<img decoding=\"async\" width=\"960\" height=\"448\" src=\"https:\/\/dev.aemsolutions.com.br\/uvminas\/wp-content\/uploads\/2025\/07\/20250702_135506-1024x478.jpg\" class=\"attachment-large size-large wp-image-244\" alt=\"\" srcset=\"https:\/\/dev.aemsolutions.com.br\/uvminas\/wp-content\/uploads\/2025\/07\/20250702_135506-1024x478.jpg 1024w, https:\/\/dev.aemsolutions.com.br\/uvminas\/wp-content\/uploads\/2025\/07\/20250702_135506-300x140.jpg 300w, https:\/\/dev.aemsolutions.com.br\/uvminas\/wp-content\/uploads\/2025\/07\/20250702_135506-768x359.jpg 768w, https:\/\/dev.aemsolutions.com.br\/uvminas\/wp-content\/uploads\/2025\/07\/20250702_135506-1536x717.jpg 1536w, https:\/\/dev.aemsolutions.com.br\/uvminas\/wp-content\/uploads\/2025\/07\/20250702_135506-2048x956.jpg 2048w\" sizes=\"(max-width: 960px) 100vw, 960px\" \/>\t\t\t\t\t\t\t\t\t\t\t\t\t\t\t<\/div>\n\t\t\t\t<\/div>\n\t\t<div class=\"elementor-element elementor-element-dd75bfc e-con-full e-flex e-con e-child\" data-id=\"dd75bfc\" data-element_type=\"container\">\n\t\t\t\t<div class=\"elementor-element elementor-element-60d9350 elementor-widget elementor-widget-heading\" data-id=\"60d9350\" data-element_type=\"widget\" data-widget_type=\"heading.default\">\n\t\t\t\t\t<p class=\"elementor-heading-title elementor-size-default\">Defender o municipalismo e fortalecer o parlamento<\/p>\t\t\t\t<\/div>\n\t\t\t\t<div class=\"elementor-element elementor-element-002fed7 elementor-widget__width-initial elementor-widget elementor-widget-heading\" data-id=\"002fed7\" data-element_type=\"widget\" data-widget_type=\"heading.default\">\n\t\t\t\t\t<p class=\"elementor-heading-title elementor-size-default\">Promover o bem estar social atrav\u00e9s da conquista de emendas parlamentares e acesso livre \u00e0 ALMG - Assembleia Legislativa de Minas Gerais, Congresso Nacional e Governo do Estado, fortalecendo o elo entre os poderes para conquista de mais recursos aos munic\u00edpios de Minas Gerais.<\/p>\t\t\t\t<\/div>\n\t\t\t\t<\/div>\n\t\t\t\t<\/div>\n\t\t<div class=\"elementor-element elementor-element-a6fa8d8 e-con-full e-flex e-con e-child\" data-id=\"a6fa8d8\" data-element_type=\"container\">\n\t\t<div class=\"elementor-element elementor-element-589913f e-con-full e-flex e-con e-child\" data-id=\"589913f\" data-element_type=\"container\">\n\t\t\t\t<div class=\"elementor-element elementor-element-651c133 elementor-widget elementor-widget-heading\" data-id=\"651c133\" data-element_type=\"widget\" data-widget_type=\"heading.default\">\n\t\t\t\t\t<p class=\"elementor-heading-title elementor-size-default\">Defender o municipalismo e fortalecer o parlamento<\/p>\t\t\t\t<\/div>\n\t\t\t\t<div class=\"elementor-element elementor-element-274c0a3 elementor-widget__width-initial elementor-widget elementor-widget-heading\" data-id=\"274c0a3\" data-element_type=\"widget\" data-widget_type=\"heading.default\">\n\t\t\t\t\t<p class=\"elementor-heading-title elementor-size-default\">Promover o bem estar social atrav\u00e9s da conquista de emendas parlamentares e acesso livre \u00e0 ALMG - Assembleia Legislativa de Minas Gerais, Congresso Nacional e Governo do Estado, fortalecendo o elo entre os poderes para conquista de mais recursos aos munic\u00edpios de Minas Gerais.<\/p>\t\t\t\t<\/div>\n\t\t\t\t<\/div>\n\t\t<div class=\"elementor-element elementor-element-86c9978 e-con-full e-flex e-con e-child\" data-id=\"86c9978\" data-element_type=\"container\">\n\t\t\t\t<div class=\"elementor-element elementor-element-4f8d93d elementor-widget elementor-widget-image\" data-id=\"4f8d93d\" data-element_type=\"widget\" data-widget_type=\"image.default\">\n\t\t\t\t\t\t\t\t\t\t\t\t\t\t\t<img decoding=\"async\" width=\"960\" height=\"448\" src=\"https:\/\/dev.aemsolutions.com.br\/uvminas\/wp-content\/uploads\/2025\/07\/20250702_135506-1024x478.jpg\" class=\"attachment-large size-large wp-image-244\" alt=\"\" srcset=\"https:\/\/dev.aemsolutions.com.br\/uvminas\/wp-content\/uploads\/2025\/07\/20250702_135506-1024x478.jpg 1024w, https:\/\/dev.aemsolutions.com.br\/uvminas\/wp-content\/uploads\/2025\/07\/20250702_135506-300x140.jpg 300w, https:\/\/dev.aemsolutions.com.br\/uvminas\/wp-content\/uploads\/2025\/07\/20250702_135506-768x359.jpg 768w, https:\/\/dev.aemsolutions.com.br\/uvminas\/wp-content\/uploads\/2025\/07\/20250702_135506-1536x717.jpg 1536w, https:\/\/dev.aemsolutions.com.br\/uvminas\/wp-content\/uploads\/2025\/07\/20250702_135506-2048x956.jpg 2048w\" sizes=\"(max-width: 960px) 100vw, 960px\" \/>\t\t\t\t\t\t\t\t\t\t\t\t\t\t\t<\/div>\n\t\t\t\t<\/div>\n\t\t\t\t<\/div>\n\t\t<div class=\"elementor-element elementor-element-8cd9da8 e-con-full e-flex e-con e-child\" data-id=\"8cd9da8\" data-element_type=\"container\">\n\t\t<div class=\"elementor-element elementor-element-b3ce00e e-con-full e-flex e-con e-child\" data-id=\"b3ce00e\" data-element_type=\"container\">\n\t\t\t\t<div class=\"elementor-element elementor-element-5c38e4c elementor-widget elementor-widget-image\" data-id=\"5c38e4c\" data-element_type=\"widget\" data-widget_type=\"image.default\">\n\t\t\t\t\t\t\t\t\t\t\t\t\t\t\t<img decoding=\"async\" width=\"960\" height=\"448\" src=\"https:\/\/dev.aemsolutions.com.br\/uvminas\/wp-content\/uploads\/2025\/07\/20250702_135506-1024x478.jpg\" class=\"attachment-large size-large wp-image-244\" alt=\"\" srcset=\"https:\/\/dev.aemsolutions.com.br\/uvminas\/wp-content\/uploads\/2025\/07\/20250702_135506-1024x478.jpg 1024w, https:\/\/dev.aemsolutions.com.br\/uvminas\/wp-content\/uploads\/2025\/07\/20250702_135506-300x140.jpg 300w, https:\/\/dev.aemsolutions.com.br\/uvminas\/wp-content\/uploads\/2025\/07\/20250702_135506-768x359.jpg 768w, https:\/\/dev.aemsolutions.com.br\/uvminas\/wp-content\/uploads\/2025\/07\/20250702_135506-1536x717.jpg 1536w, https:\/\/dev.aemsolutions.com.br\/uvminas\/wp-content\/uploads\/2025\/07\/20250702_135506-2048x956.jpg 2048w\" sizes=\"(max-width: 960px) 100vw, 960px\" \/>\t\t\t\t\t\t\t\t\t\t\t\t\t\t\t<\/div>\n\t\t\t\t<\/div>\n\t\t<div class=\"elementor-element elementor-element-b982b4a e-con-full e-flex e-con e-child\" data-id=\"b982b4a\" data-element_type=\"container\">\n\t\t\t\t<div class=\"elementor-element elementor-element-ed28141 elementor-widget elementor-widget-heading\" data-id=\"ed28141\" data-element_type=\"widget\" data-widget_type=\"heading.default\">\n\t\t\t\t\t<p class=\"elementor-heading-title elementor-size-default\">Defender o municipalismo e fortalecer o parlamento<\/p>\t\t\t\t<\/div>\n\t\t\t\t<div class=\"elementor-element elementor-element-f3a3ad4 elementor-widget__width-initial elementor-widget elementor-widget-heading\" data-id=\"f3a3ad4\" data-element_type=\"widget\" data-widget_type=\"heading.default\">\n\t\t\t\t\t<p class=\"elementor-heading-title elementor-size-default\">Promover o bem estar social atrav\u00e9s da conquista de emendas parlamentares e acesso livre \u00e0 ALMG - Assembleia Legislativa de Minas Gerais, Congresso Nacional e Governo do Estado, fortalecendo o elo entre os poderes para conquista de mais recursos aos munic\u00edpios de Minas Gerais.<\/p>\t\t\t\t<\/div>\n\t\t\t\t<\/div>\n\t\t\t\t<\/div>\n\t\t<div class=\"elementor-element elementor-element-934a5b1 e-con-full e-flex e-con e-child\" data-id=\"934a5b1\" data-element_type=\"container\">\n\t\t<div class=\"elementor-element elementor-element-37aa46a e-con-full e-flex e-con e-child\" data-id=\"37aa46a\" data-element_type=\"container\">\n\t\t\t\t<div class=\"elementor-element elementor-element-f80998b elementor-widget elementor-widget-heading\" data-id=\"f80998b\" data-element_type=\"widget\" data-widget_type=\"heading.default\">\n\t\t\t\t\t<p class=\"elementor-heading-title elementor-size-default\">Defender o municipalismo e fortalecer o parlamento<\/p>\t\t\t\t<\/div>\n\t\t\t\t<div class=\"elementor-element elementor-element-4423a31 elementor-widget__width-initial elementor-widget elementor-widget-heading\" data-id=\"4423a31\" data-element_type=\"widget\" data-widget_type=\"heading.default\">\n\t\t\t\t\t<p class=\"elementor-heading-title elementor-size-default\">Promover o bem estar social atrav\u00e9s da conquista de emendas parlamentares e acesso livre \u00e0 ALMG - Assembleia Legislativa de Minas Gerais, Congresso Nacional e Governo do Estado, fortalecendo o elo entre os poderes para conquista de mais recursos aos munic\u00edpios de Minas Gerais.<\/p>\t\t\t\t<\/div>\n\t\t\t\t<\/div>\n\t\t<div class=\"elementor-element elementor-element-ca5276e e-con-full e-flex e-con e-child\" data-id=\"ca5276e\" data-element_type=\"container\">\n\t\t\t\t<div class=\"elementor-element elementor-element-791f69e elementor-widget elementor-widget-image\" data-id=\"791f69e\" data-element_type=\"widget\" data-widget_type=\"image.default\">\n\t\t\t\t\t\t\t\t\t\t\t\t\t\t\t<img decoding=\"async\" width=\"960\" height=\"448\" src=\"https:\/\/dev.aemsolutions.com.br\/uvminas\/wp-content\/uploads\/2025\/07\/20250702_135506-1024x478.jpg\" class=\"attachment-large size-large wp-image-244\" alt=\"\" srcset=\"https:\/\/dev.aemsolutions.com.br\/uvminas\/wp-content\/uploads\/2025\/07\/20250702_135506-1024x478.jpg 1024w, https:\/\/dev.aemsolutions.com.br\/uvminas\/wp-content\/uploads\/2025\/07\/20250702_135506-300x140.jpg 300w, https:\/\/dev.aemsolutions.com.br\/uvminas\/wp-content\/uploads\/2025\/07\/20250702_135506-768x359.jpg 768w, https:\/\/dev.aemsolutions.com.br\/uvminas\/wp-content\/uploads\/2025\/07\/20250702_135506-1536x717.jpg 1536w, https:\/\/dev.aemsolutions.com.br\/uvminas\/wp-content\/uploads\/2025\/07\/20250702_135506-2048x956.jpg 2048w\" sizes=\"(max-width: 960px) 100vw, 960px\" \/>\t\t\t\t\t\t\t\t\t\t\t\t\t\t\t<\/div>\n\t\t\t\t<\/div>\n\t\t\t\t<\/div>\n\t\t<div class=\"elementor-element elementor-element-055a2d6 e-con-full e-flex e-con e-child\" data-id=\"055a2d6\" data-element_type=\"container\">\n\t\t<div class=\"elementor-element elementor-element-a6f8781 e-con-full e-flex e-con e-child\" data-id=\"a6f8781\" data-element_type=\"container\">\n\t\t<div class=\"elementor-element elementor-element-656877d e-con-full e-flex e-con e-child\" data-id=\"656877d\" data-element_type=\"container\">\n\t\t\t\t<div class=\"elementor-element elementor-element-c70da60 elementor-widget elementor-widget-image\" data-id=\"c70da60\" data-element_type=\"widget\" data-widget_type=\"image.default\">\n\t\t\t\t\t\t\t\t\t\t\t\t\t\t\t<img decoding=\"async\" width=\"960\" height=\"448\" src=\"https:\/\/dev.aemsolutions.com.br\/uvminas\/wp-content\/uploads\/2025\/07\/20250702_135506-1024x478.jpg\" class=\"attachment-large size-large wp-image-244\" alt=\"\" srcset=\"https:\/\/dev.aemsolutions.com.br\/uvminas\/wp-content\/uploads\/2025\/07\/20250702_135506-1024x478.jpg 1024w, https:\/\/dev.aemsolutions.com.br\/uvminas\/wp-content\/uploads\/2025\/07\/20250702_135506-300x140.jpg 300w, https:\/\/dev.aemsolutions.com.br\/uvminas\/wp-content\/uploads\/2025\/07\/20250702_135506-768x359.jpg 768w, https:\/\/dev.aemsolutions.com.br\/uvminas\/wp-content\/uploads\/2025\/07\/20250702_135506-1536x717.jpg 1536w, https:\/\/dev.aemsolutions.com.br\/uvminas\/wp-content\/uploads\/2025\/07\/20250702_135506-2048x956.jpg 2048w\" sizes=\"(max-width: 960px) 100vw, 960px\" \/>\t\t\t\t\t\t\t\t\t\t\t\t\t\t\t<\/div>\n\t\t\t\t<\/div>\n\t\t<div class=\"elementor-element elementor-element-3fa7b73 e-con-full e-flex e-con e-child\" data-id=\"3fa7b73\" data-element_type=\"container\">\n\t\t\t\t<div class=\"elementor-element elementor-element-cb4c3e6 elementor-widget elementor-widget-heading\" data-id=\"cb4c3e6\" data-element_type=\"widget\" data-widget_type=\"heading.default\">\n\t\t\t\t\t<p class=\"elementor-heading-title elementor-size-default\">Defender o municipalismo e fortalecer o parlamento<\/p>\t\t\t\t<\/div>\n\t\t\t\t<div class=\"elementor-element elementor-element-849ad6e elementor-widget__width-initial elementor-widget elementor-widget-heading\" data-id=\"849ad6e\" data-element_type=\"widget\" data-widget_type=\"heading.default\">\n\t\t\t\t\t<p class=\"elementor-heading-title elementor-size-default\">Promover o bem estar social atrav\u00e9s da conquista de emendas parlamentares e acesso livre \u00e0 ALMG - Assembleia Legislativa de Minas Gerais.<\/p>\t\t\t\t<\/div>\n\t\t\t\t<\/div>\n\t\t\t\t<\/div>\n\t\t<div class=\"elementor-element elementor-element-5086f03 e-con-full e-flex e-con e-child\" data-id=\"5086f03\" data-element_type=\"container\">\n\t\t<div class=\"elementor-element elementor-element-794e395 e-con-full e-flex e-con e-child\" data-id=\"794e395\" data-element_type=\"container\">\n\t\t\t\t<div class=\"elementor-element elementor-element-c2d3b7d elementor-widget elementor-widget-image\" data-id=\"c2d3b7d\" data-element_type=\"widget\" data-widget_type=\"image.default\">\n\t\t\t\t\t\t\t\t\t\t\t\t\t\t\t<img decoding=\"async\" width=\"960\" height=\"448\" src=\"https:\/\/dev.aemsolutions.com.br\/uvminas\/wp-content\/uploads\/2025\/07\/20250702_135506-1024x478.jpg\" class=\"attachment-large size-large wp-image-244\" alt=\"\" srcset=\"https:\/\/dev.aemsolutions.com.br\/uvminas\/wp-content\/uploads\/2025\/07\/20250702_135506-1024x478.jpg 1024w, https:\/\/dev.aemsolutions.com.br\/uvminas\/wp-content\/uploads\/2025\/07\/20250702_135506-300x140.jpg 300w, https:\/\/dev.aemsolutions.com.br\/uvminas\/wp-content\/uploads\/2025\/07\/20250702_135506-768x359.jpg 768w, https:\/\/dev.aemsolutions.com.br\/uvminas\/wp-content\/uploads\/2025\/07\/20250702_135506-1536x717.jpg 1536w, https:\/\/dev.aemsolutions.com.br\/uvminas\/wp-content\/uploads\/2025\/07\/20250702_135506-2048x956.jpg 2048w\" sizes=\"(max-width: 960px) 100vw, 960px\" \/>\t\t\t\t\t\t\t\t\t\t\t\t\t\t\t<\/div>\n\t\t\t\t<\/div>\n\t\t<div class=\"elementor-element elementor-element-cd0366e e-con-full e-flex e-con e-child\" data-id=\"cd0366e\" data-element_type=\"container\">\n\t\t\t\t<div class=\"elementor-element elementor-element-feef5de elementor-widget elementor-widget-heading\" data-id=\"feef5de\" data-element_type=\"widget\" data-widget_type=\"heading.default\">\n\t\t\t\t\t<p class=\"elementor-heading-title elementor-size-default\">Defender o municipalismo e fortalecer o parlamento<\/p>\t\t\t\t<\/div>\n\t\t\t\t<div class=\"elementor-element elementor-element-1d70065 elementor-widget__width-initial elementor-widget elementor-widget-heading\" data-id=\"1d70065\" data-element_type=\"widget\" data-widget_type=\"heading.default\">\n\t\t\t\t\t<p class=\"elementor-heading-title elementor-size-default\">Promover o bem estar social atrav\u00e9s da conquista de emendas parlamentares e acesso livre \u00e0 ALMG - Assembleia Legislativa de Minas Gerais.<\/p>\t\t\t\t<\/div>\n\t\t\t\t<\/div>\n\t\t\t\t<\/div>\n\t\t<div class=\"elementor-element elementor-element-8080d8c e-con-full e-flex e-con e-child\" data-id=\"8080d8c\" data-element_type=\"container\">\n\t\t<div class=\"elementor-element elementor-element-48e34da e-con-full e-flex e-con e-child\" data-id=\"48e34da\" data-element_type=\"container\">\n\t\t\t\t<div class=\"elementor-element elementor-element-e254245 elementor-widget elementor-widget-image\" data-id=\"e254245\" data-element_type=\"widget\" data-widget_type=\"image.default\">\n\t\t\t\t\t\t\t\t\t\t\t\t\t\t\t<img decoding=\"async\" width=\"960\" height=\"448\" src=\"https:\/\/dev.aemsolutions.com.br\/uvminas\/wp-content\/uploads\/2025\/07\/20250702_135506-1024x478.jpg\" class=\"attachment-large size-large wp-image-244\" alt=\"\" srcset=\"https:\/\/dev.aemsolutions.com.br\/uvminas\/wp-content\/uploads\/2025\/07\/20250702_135506-1024x478.jpg 1024w, https:\/\/dev.aemsolutions.com.br\/uvminas\/wp-content\/uploads\/2025\/07\/20250702_135506-300x140.jpg 300w, https:\/\/dev.aemsolutions.com.br\/uvminas\/wp-content\/uploads\/2025\/07\/20250702_135506-768x359.jpg 768w, https:\/\/dev.aemsolutions.com.br\/uvminas\/wp-content\/uploads\/2025\/07\/20250702_135506-1536x717.jpg 1536w, https:\/\/dev.aemsolutions.com.br\/uvminas\/wp-content\/uploads\/2025\/07\/20250702_135506-2048x956.jpg 2048w\" sizes=\"(max-width: 960px) 100vw, 960px\" \/>\t\t\t\t\t\t\t\t\t\t\t\t\t\t\t<\/div>\n\t\t\t\t<\/div>\n\t\t<div class=\"elementor-element elementor-element-704557b e-con-full e-flex e-con e-child\" data-id=\"704557b\" data-element_type=\"container\">\n\t\t\t\t<div class=\"elementor-element elementor-element-2aae937 elementor-widget elementor-widget-heading\" data-id=\"2aae937\" data-element_type=\"widget\" data-widget_type=\"heading.default\">\n\t\t\t\t\t<p class=\"elementor-heading-title elementor-size-default\">Defender o municipalismo e fortalecer o parlamento<\/p>\t\t\t\t<\/div>\n\t\t\t\t<div class=\"elementor-element elementor-element-9eee178 elementor-widget__width-initial elementor-widget elementor-widget-heading\" data-id=\"9eee178\" data-element_type=\"widget\" data-widget_type=\"heading.default\">\n\t\t\t\t\t<p class=\"elementor-heading-title elementor-size-default\">Promover o bem estar social atrav\u00e9s da conquista de emendas parlamentares e acesso livre \u00e0 ALMG - Assembleia Legislativa de Minas Gerais.<\/p>\t\t\t\t<\/div>\n\t\t\t\t<\/div>\n\t\t\t\t<\/div>\n\t\t<div class=\"elementor-element elementor-element-bc41741 e-con-full e-flex e-con e-child\" data-id=\"bc41741\" data-element_type=\"container\">\n\t\t<div class=\"elementor-element elementor-element-6979309 e-con-full e-flex e-con e-child\" data-id=\"6979309\" data-element_type=\"container\">\n\t\t\t\t<div class=\"elementor-element elementor-element-acb520f elementor-widget elementor-widget-image\" data-id=\"acb520f\" data-element_type=\"widget\" data-widget_type=\"image.default\">\n\t\t\t\t\t\t\t\t\t\t\t\t\t\t\t<img decoding=\"async\" width=\"960\" height=\"448\" src=\"https:\/\/dev.aemsolutions.com.br\/uvminas\/wp-content\/uploads\/2025\/07\/20250702_135506-1024x478.jpg\" class=\"attachment-large size-large wp-image-244\" alt=\"\" srcset=\"https:\/\/dev.aemsolutions.com.br\/uvminas\/wp-content\/uploads\/2025\/07\/20250702_135506-1024x478.jpg 1024w, https:\/\/dev.aemsolutions.com.br\/uvminas\/wp-content\/uploads\/2025\/07\/20250702_135506-300x140.jpg 300w, https:\/\/dev.aemsolutions.com.br\/uvminas\/wp-content\/uploads\/2025\/07\/20250702_135506-768x359.jpg 768w, https:\/\/dev.aemsolutions.com.br\/uvminas\/wp-content\/uploads\/2025\/07\/20250702_135506-1536x717.jpg 1536w, https:\/\/dev.aemsolutions.com.br\/uvminas\/wp-content\/uploads\/2025\/07\/20250702_135506-2048x956.jpg 2048w\" sizes=\"(max-width: 960px) 100vw, 960px\" \/>\t\t\t\t\t\t\t\t\t\t\t\t\t\t\t<\/div>\n\t\t\t\t<\/div>\n\t\t<div class=\"elementor-element elementor-element-e884f05 e-con-full e-flex e-con e-child\" data-id=\"e884f05\" data-element_type=\"container\">\n\t\t\t\t<div class=\"elementor-element elementor-element-6ebac25 elementor-widget elementor-widget-heading\" data-id=\"6ebac25\" data-element_type=\"widget\" data-widget_type=\"heading.default\">\n\t\t\t\t\t<p class=\"elementor-heading-title elementor-size-default\">Defender o municipalismo e fortalecer o parlamento<\/p>\t\t\t\t<\/div>\n\t\t\t\t<div class=\"elementor-element elementor-element-5276d9a elementor-widget__width-initial elementor-widget elementor-widget-heading\" data-id=\"5276d9a\" data-element_type=\"widget\" data-widget_type=\"heading.default\">\n\t\t\t\t\t<p class=\"elementor-heading-title elementor-size-default\">Promover o bem estar social atrav\u00e9s da conquista de emendas parlamentares e acesso livre \u00e0 ALMG - Assembleia Legislativa de Minas Gerais.<\/p>\t\t\t\t<\/div>\n\t\t\t\t<\/div>\n\t\t\t\t<\/div>\n\t\t\t\t<\/div>\n\t\t\t\t<\/div>\n\t\t\t\t<\/div>\n\t\t\t\t\t<\/div>\n\t\t\t\t<\/div>\n\t\t\t\t<\/div>\n\t\t","protected":false},"excerpt":{"rendered":"<p>Solu\u00e7\u00f5es &#8211; Benef\u00edcios Lorem Ipsum is simply dummy text of the printing and typesetting industry. Lorem Ipsum is simply dummy text of the printing and typesetting industry. Lorem Ipsum has been the industry&#8217;s standard dummy text ever since the 1500s, when an unknown printer took a galley of type and scrambled it to make a<\/p>\n","protected":false},"author":1,"featured_media":0,"parent":0,"menu_order":0,"comment_status":"closed","ping_status":"closed","template":"elementor_header_footer","meta":{"footnotes":""},"class_list":["post-482","page","type-page","status-publish","hentry"],"_links":{"self":[{"href":"https:\/\/dev.aemsolutions.com.br\/uvminas\/wp-json\/wp\/v2\/pages\/482","targetHints":{"allow":["GET"]}}],"collection":[{"href":"https:\/\/dev.aemsolutions.com.br\/uvminas\/wp-json\/wp\/v2\/pages"}],"about":[{"href":"https:\/\/dev.aemsolutions.com.br\/uvminas\/wp-json\/wp\/v2\/types\/page"}],"author":[{"embeddable":true,"href":"https:\/\/dev.aemsolutions.com.br\/uvminas\/wp-json\/wp\/v2\/users\/1"}],"replies":[{"embeddable":true,"href":"https:\/\/dev.aemsolutions.com.br\/uvminas\/wp-json\/wp\/v2\/comments?post=482"}],"version-history":[{"count":4,"href":"https:\/\/dev.aemsolutions.com.br\/uvminas\/wp-json\/wp\/v2\/pages\/482\/revisions"}],"predecessor-version":[{"id":538,"href":"https:\/\/dev.aemsolutions.com.br\/uvminas\/wp-json\/wp\/v2\/pages\/482\/revisions\/538"}],"wp:attachment":[{"href":"https:\/\/dev.aemsolutions.com.br\/uvminas\/wp-json\/wp\/v2\/media?parent=482"}],"curies":[{"name":"wp","href":"https:\/\/api.w.org\/{rel}","templated":true}]}}